{"id":33321,"date":"2025-11-25T18:37:58","date_gmt":"2025-11-25T16:37:58","guid":{"rendered":"https:\/\/besthousemarbella.com\/property\/elegante-maison-de-ville-en-bord-de-mer-pres-de-puerto-banus\/"},"modified":"2026-03-25T20:17:59","modified_gmt":"2026-03-25T18:17:59","slug":"elegante-maison-de-ville-en-bord-de-mer-pres-de-puerto-banus","status":"publish","type":"property","link":"https:\/\/besthousemarbella.com\/fr\/property\/elegante-maison-de-ville-en-bord-de-mer-pres-de-puerto-banus\/","title":{"rendered":"\u00c9l\u00e9gante Maison de Ville en Bord de Mer Pr\u00e8s de Puerto Ban\u00fas"},"content":{"rendered":"\n<p><strong>Magnifique maison de ville r\u00e9nov\u00e9e dans le quartier hupp\u00e9 d&#8217;Azalea Beach, \u00e0 quelques pas de la plage et du c\u00e9l\u00e8bre Puerto Ban\u00fas. Id\u00e9alement situ\u00e9e entre San Pedro et Ban\u00fas, elle offre une atmosph\u00e8re baln\u00e9aire paisible avec un acc\u00e8s imm\u00e9diat aux boutiques de luxe, aux restaurants et \u00e0 la marina. <\/strong><\/p>\n\n<p><strong>La propri\u00e9t\u00e9 comprend quatre chambres, dont une avec salle de bains attenante, une deuxi\u00e8me salle de bains compl\u00e8te et des toilettes pour invit\u00e9s. R\u00e9cemment r\u00e9nov\u00e9e avec des finitions de haute qualit\u00e9, elle dispose d&#8217;une cuisine ouverte, de pi\u00e8ces \u00e0 vivre lumineuses, de d\u00e9tails en micro-ciment, de menuiseries sur mesure, de sols en pierre et d&#8217;une climatisation centrale avec Airzone. Les salles de bains b\u00e9n\u00e9ficient d&#8217;un chauffage au sol.  <\/strong><\/p>\n\n<p><strong>\u00c0 l&#8217;ext\u00e9rieur, vous pourrez profiter d&#8217;une piscine priv\u00e9e, d&#8217;un jardin paysager et de terrasses spacieuses, id\u00e9ales pour se d\u00e9tendre ou recevoir. Enti\u00e8rement meubl\u00e9 et pr\u00eat \u00e0 emm\u00e9nager, c&#8217;est une opportunit\u00e9 exceptionnelle dans l&#8217;un des quartiers baln\u00e9aires les plus pris\u00e9s pr\u00e8s de Puerto Ban\u00fas. <\/strong><\/p>\n\n<p><\/p>\n","protected":false},"excerpt":{"rendered":"<p>Magnifique maison de ville r\u00e9nov\u00e9e dans le quartier hupp\u00e9 d&#8217;Azalea Beach, \u00e0 quelques pas de la plage et du c\u00e9l\u00e8bre Puerto Ban\u00fas. Id\u00e9alement situ\u00e9e entre San Pedro et Ban\u00fas, elle offre une atmosph\u00e8re baln\u00e9aire paisible avec un acc\u00e8s imm\u00e9diat aux boutiques de luxe, aux restaurants et \u00e0 la marina. La propri\u00e9t\u00e9 comprend quatre chambres, dont [&hellip;]<\/p>\n","protected":false},"author":3,"featured_media":33126,"parent":0,"menu_order":0,"template":"","property_type":[408],"property_status":[364],"property_feature":[],"property_label":[],"property_state":[525],"property_city":[536],"property_area":[711,646],"class_list":["post-33321","property","type-property","status-publish","has-post-thumbnail","hentry","property_type-villa-jumelee","property_status-a-vendre","property_state-marbella","property_city-puerto-banus","property_area-costa-azalea","property_area-embrujo-de-banus"],"property_meta":{"fave_show_price_placeholder":["0"],"fave_featured":["0"],"houzez_featured_listing_date":[""],"fave_loggedintoview":["0"],"fave_agent_display_option":["agent_info"],"fave_agents":["29251"],"fave_prop_homeslider":["no"],"fave_private_note":["Cima Real Estate 4% de comisi\u00f3n"],"fave_single_top_area":["global"],"additional_features":["a:10:{i:0;a:2:{s:29:\"fave_additional_feature_title\";s:18:\"Recently Renovated\";s:29:\"fave_additional_feature_value\";s:3:\"Yes\";}i:1;a:2:{s:29:\"fave_additional_feature_title\";s:9:\"Beachside\";s:29:\"fave_additional_feature_value\";s:3:\"Yes\";}i:2;a:2:{s:29:\"fave_additional_feature_title\";s:11:\"Orientation\";s:29:\"fave_additional_feature_value\";s:10:\"South\/East\";}i:3;a:2:{s:29:\"fave_additional_feature_title\";s:4:\"Pool\";s:29:\"fave_additional_feature_value\";s:17:\"Private\/ Communal\";}i:4;a:2:{s:29:\"fave_additional_feature_title\";s:6:\"Garden\";s:29:\"fave_additional_feature_value\";s:7:\"Private\";}i:5;a:2:{s:29:\"fave_additional_feature_title\";s:2:\"AC\";s:29:\"fave_additional_feature_value\";s:3:\"yes\";}i:6;a:2:{s:29:\"fave_additional_feature_title\";s:18:\"Underfloor Heating\";s:29:\"fave_additional_feature_value\";s:15:\"U\/F\/H Bathrooms\";}i:7;a:2:{s:29:\"fave_additional_feature_title\";s:15:\"Fully Furnished\";s:29:\"fave_additional_feature_value\";s:3:\"Yes\";}i:8;a:2:{s:29:\"fave_additional_feature_title\";s:13:\"Gated Complex\";s:29:\"fave_additional_feature_value\";s:3:\"Yes\";}i:9;a:2:{s:29:\"fave_additional_feature_title\";s:7:\"Parking\";s:29:\"fave_additional_feature_value\";s:3:\"Yes\";}}"],"fave_single_content_area":["global"],"houzez_geolocation_lat":["36.484545616491"],"houzez_geolocation_long":["-4.973074478934"],"houzez_manual_expire":["0"],"_houzez_expiration_date_status":["saved"],"_wpml_location_migration_done":["1"],"_thumbnail_id":["33126"],"rank_math_title":[""],"rank_math_description":[""],"rank_math_canonical_url":[""],"rank_math_facebook_title":[""],"rank_math_facebook_description":[""],"rank_math_facebook_image":[""],"rank_math_twitter_title":[""],"rank_math_twitter_description":[""],"rank_math_twitter_image":[""],"rank_math_twitter_use_facebook":["off"],"rank_math_analytic_object_id":["70"],"rank_math_internal_links_processed":["1"],"_wpml_word_count":["194"],"houzez_recently_viewed":["2026-05-01 06:28:51"],"houzez_total_property_views":["559"],"houzez_views_by_date":["a:61:{s:10:\"03-01-2026\";i:2;s:10:\"03-02-2026\";i:4;s:10:\"03-03-2026\";i:4;s:10:\"03-04-2026\";i:2;s:10:\"03-05-2026\";i:4;s:10:\"03-06-2026\";i:4;s:10:\"03-07-2026\";i:4;s:10:\"03-08-2026\";i:2;s:10:\"03-09-2026\";i:4;s:10:\"03-10-2026\";i:4;s:10:\"03-11-2026\";i:3;s:10:\"03-12-2026\";i:4;s:10:\"03-13-2026\";i:3;s:10:\"03-14-2026\";i:5;s:10:\"03-15-2026\";i:4;s:10:\"03-16-2026\";i:4;s:10:\"03-17-2026\";i:1;s:10:\"03-18-2026\";i:5;s:10:\"03-19-2026\";i:6;s:10:\"03-20-2026\";i:2;s:10:\"03-21-2026\";i:4;s:10:\"03-22-2026\";i:2;s:10:\"03-23-2026\";i:4;s:10:\"03-24-2026\";i:4;s:10:\"03-25-2026\";i:3;s:10:\"03-26-2026\";i:4;s:10:\"03-27-2026\";i:4;s:10:\"03-28-2026\";i:2;s:10:\"03-29-2026\";i:4;s:10:\"03-31-2026\";i:3;s:10:\"04-01-2026\";i:3;s:10:\"04-02-2026\";i:4;s:10:\"04-03-2026\";i:4;s:10:\"04-04-2026\";i:4;s:10:\"04-05-2026\";i:4;s:10:\"04-06-2026\";i:4;s:10:\"04-07-2026\";i:4;s:10:\"04-08-2026\";i:4;s:10:\"04-09-2026\";i:2;s:10:\"04-10-2026\";i:4;s:10:\"04-11-2026\";i:4;s:10:\"04-12-2026\";i:2;s:10:\"04-13-2026\";i:4;s:10:\"04-14-2026\";i:2;s:10:\"04-15-2026\";i:4;s:10:\"04-16-2026\";i:4;s:10:\"04-17-2026\";i:2;s:10:\"04-18-2026\";i:2;s:10:\"04-19-2026\";i:4;s:10:\"04-20-2026\";i:2;s:10:\"04-21-2026\";i:4;s:10:\"04-22-2026\";i:2;s:10:\"04-23-2026\";i:3;s:10:\"04-24-2026\";i:4;s:10:\"04-25-2026\";i:4;s:10:\"04-26-2026\";i:2;s:10:\"04-27-2026\";i:4;s:10:\"04-28-2026\";i:1;s:10:\"04-29-2026\";i:4;s:10:\"04-30-2026\";i:2;s:10:\"05-01-2026\";i:2;}"],"_top_nav_excluded":[""],"_cms_nav_minihome":[""],"fave_property_price":["1450000"],"fave_property_price_prefix":[""],"fave_property_size":["159"],"fave_property_size_prefix":["m\u00b2"],"fave_property_land":["260"],"fave_property_land_postfix":["m\u00b2"],"fave_property_bedrooms":["4"],"fave_property_bathrooms":["3"],"fave_property_year":["2000"],"fave_property_id":["48439"],"fave_property_map":["1"],"fave_property_map_address":["Plage d'Azalea, Puerto Ban\u00fas"],"fave_property_location":["36.484545616491,-4.973074478934,16"],"fave_property_map_street_view":["hide"],"fave_property_address":["Plage d'Azalea"],"fave_property_zip":["29660"],"fave_property_images":["33128","33077","33050","33041","33017","33020","33023","33026","33029","33032","33035","33038","33086","33119","33053","33044","33047","33056","33059","33071","33074","33122","33089","33095","33098","33101","33107","33110","33113","33116","33125","33131","33134","33137","33140","33092","33065","33104","33062","33143","33068","33083","33080","33146"],"_elementor_page_assets":["a:0:{}"]},"_links":{"self":[{"href":"https:\/\/besthousemarbella.com\/fr\/wp-json\/wp\/v2\/properties\/33321","targetHints":{"allow":["GET"]}}],"collection":[{"href":"https:\/\/besthousemarbella.com\/fr\/wp-json\/wp\/v2\/properties"}],"about":[{"href":"https:\/\/besthousemarbella.com\/fr\/wp-json\/wp\/v2\/types\/property"}],"author":[{"embeddable":true,"href":"https:\/\/besthousemarbella.com\/fr\/wp-json\/wp\/v2\/users\/3"}],"version-history":[{"count":0,"href":"https:\/\/besthousemarbella.com\/fr\/wp-json\/wp\/v2\/properties\/33321\/revisions"}],"wp:featuredmedia":[{"embeddable":true,"href":"https:\/\/besthousemarbella.com\/fr\/wp-json\/wp\/v2\/media\/33126"}],"wp:attachment":[{"href":"https:\/\/besthousemarbella.com\/fr\/wp-json\/wp\/v2\/media?parent=33321"}],"wp:term":[{"taxonomy":"property_type","embeddable":true,"href":"https:\/\/besthousemarbella.com\/fr\/wp-json\/wp\/v2\/property_type?post=33321"},{"taxonomy":"property_status","embeddable":true,"href":"https:\/\/besthousemarbella.com\/fr\/wp-json\/wp\/v2\/property_status?post=33321"},{"taxonomy":"property_feature","embeddable":true,"href":"https:\/\/besthousemarbella.com\/fr\/wp-json\/wp\/v2\/property_feature?post=33321"},{"taxonomy":"property_label","embeddable":true,"href":"https:\/\/besthousemarbella.com\/fr\/wp-json\/wp\/v2\/property_label?post=33321"},{"taxonomy":"property_state","embeddable":true,"href":"https:\/\/besthousemarbella.com\/fr\/wp-json\/wp\/v2\/property_state?post=33321"},{"taxonomy":"property_city","embeddable":true,"href":"https:\/\/besthousemarbella.com\/fr\/wp-json\/wp\/v2\/property_city?post=33321"},{"taxonomy":"property_area","embeddable":true,"href":"https:\/\/besthousemarbella.com\/fr\/wp-json\/wp\/v2\/property_area?post=33321"}],"curies":[{"name":"wp","href":"https:\/\/api.w.org\/{rel}","templated":true}]}}